{"id":493,"date":"2022-03-07T11:01:35","date_gmt":"2022-03-07T11:01:35","guid":{"rendered":"https:\/\/kagency.it\/wordpress\/hotelpalazzi\/blog-copy\/"},"modified":"2022-03-10T10:16:49","modified_gmt":"2022-03-10T09:16:49","slug":"bloggen","status":"publish","type":"page","link":"https:\/\/www.hotelpalazzigabicce.it\/de\/bloggen\/","title":{"rendered":"Blog"},"content":{"rendered":"\n    \n    <section class=\"my_hide u-clearfix u-section-2\" id=\"sec-4743\">\n      <div class=\"u-clearfix u-sheet u-valign-middle u-sheet-1\">\n        <div class=\"u-custom-php u-expanded-width u-custom-php-1\" ><\/div>\r\n<\/div>\r\n<\/section>\r\n\r\n  <!-- <section class=\"u-clearfix u-section-1\" id=\"sec-8c49\">\r\n    <div class=\"u-clearfix u-sheet u-sheet-1\">\r\n      <div class=\"u-clearfix u-layout-wrap u-layout-wrap-1\">\r\n        <div> -->\r\n    <section class=\"u-align-left u-clearfix u-grey-10 u-section-3-blog\" id=\"sec-feb4\">\r\n      <div class=\"u-clearfix u-sheet u-valign-middle u-sheet-1\">\r\n        <div class=\"u-blog u-expanded-width u-blog-1\">\r\n          <div class=\"u-repeater u-repeater-1\">\r\n                              <div class=\"u-align-left u-blog-post u-container-style u-repeater-item u-white u-repeater-item-1\">\r\n                  <div class=\"u-container-layout u-similar-container u-container-layout-1\"><a class=\"u-blog-control u-expanded-width u-image u-image-default u-image-1\" href=\"https:\/\/www.hotelpalazzigabicce.it\/de\/black-friday-hotel-palazzi-gabicce-mare-copy\/\">\r\n                    <img decoding=\"async\" alt=\"\" class=\"u-blog-control u-expanded-width u-image u-image-default u-image-1\" src=\"https:\/\/www.hotelpalazzigabicce.it\/wp-content\/uploads\/gabicce-dallalto.jpg\"><\/a>\r\n                    <h4 class=\"u-blog-control u-text-1\">\r\n                      <a style=\"font-family: 'Lato';\" class=\"u-post-header-link\" href=\"https:\/\/www.hotelpalazzigabicce.it\/de\/black-friday-hotel-palazzi-gabicce-mare-copy\/\">Urlaub in Italien in der Region Marche: Kompletter Guide f\u00fcr Ihren Idealaufenthalt<\/a>\r\n                    <\/h4>\r\n                    <div class=\"u-blog-control u-post-content u-text u-text-2\"><p>Die Marken sind eine der charmantesten Regionen Italiens und bieten eine perfekte Mischung aus Geschichte, Natur und Tradition.<\/p>\r\n\r\n\r\n\r\n<p> <a href=\"https:\/\/www.hotelpalazzigabicce.it\/de\/black-friday-hotel-palazzi-gabicce-mare-copy\/#more-48495\" class=\"more-link\"><span aria-label=\"Urlaub in Italien in der Region Marche: Kompletter Guide f\u00fcr Ihren Idealaufenthalt weiterlesen\">(mehr\u00a0&hellip;)<\/span><\/a><\/p><!-- \/wp:post-content --><\/div>\r\n                    <a href=\"https:\/\/www.hotelpalazzigabicce.it\/de\/black-friday-hotel-palazzi-gabicce-mare-copy\/\" class=\"u-blog-control u-btn u-button-style u-btn-1\">WEITER LESEN<\/a> <!-- Continua a leggere -->\r\n                  <\/div>\r\n                <\/div>\r\n                                                 <div class=\"u-align-left u-blog-post u-container-style u-repeater-item u-white u-repeater-item-1\">\r\n                  <div class=\"u-container-layout u-similar-container u-container-layout-1\"><a class=\"u-blog-control u-expanded-width u-image u-image-default u-image-1\" href=\"https:\/\/www.hotelpalazzigabicce.it\/de\/black-friday-hotel-palazzi-gabicce-mare\/\">\r\n                    <img decoding=\"async\" alt=\"\" class=\"u-blog-control u-expanded-width u-image u-image-default u-image-1\" src=\"https:\/\/www.hotelpalazzigabicce.it\/wp-content\/uploads\/2024\/11\/black-friday.png\"><\/a>\r\n                    <h4 class=\"u-blog-control u-text-1\">\r\n                      <a style=\"font-family: 'Lato';\" class=\"u-post-header-link\" href=\"https:\/\/www.hotelpalazzigabicce.it\/de\/black-friday-hotel-palazzi-gabicce-mare\/\">ES IST BLACK FRIDAY<\/a>\r\n                    <\/h4>\r\n                    <div class=\"u-blog-control u-post-content u-text u-text-2\"><p><strong>Black Friday<\/strong> ist das am meisten erwartete Shopping-Event des Jahres. <strong>Black Friday Sonderangebote<\/strong>: K\u00f6nnten wir im Hotel Palazzi jemals unbeteiligt bleiben? Nat\u00fcrlich nicht.<\/p>\r\n\r\n\r\n\r\n<p> <a href=\"https:\/\/www.hotelpalazzigabicce.it\/de\/black-friday-hotel-palazzi-gabicce-mare\/#more-48359\" class=\"more-link\"><span aria-label=\"ES IST BLACK FRIDAY weiterlesen\">(mehr\u00a0&hellip;)<\/span><\/a><\/p><!-- \/wp:post-content --><\/div>\r\n                    <a href=\"https:\/\/www.hotelpalazzigabicce.it\/de\/black-friday-hotel-palazzi-gabicce-mare\/\" class=\"u-blog-control u-btn u-button-style u-btn-1\">WEITER LESEN<\/a> <!-- Continua a leggere -->\r\n                  <\/div>\r\n                <\/div>\r\n                                                 <div class=\"u-align-left u-blog-post u-container-style u-repeater-item u-white u-repeater-item-1\">\r\n                  <div class=\"u-container-layout u-similar-container u-container-layout-1\"><a class=\"u-blog-control u-expanded-width u-image u-image-default u-image-1\" href=\"https:\/\/www.hotelpalazzigabicce.it\/de\/wir-stellen-unsere-familie-vor\/\">\r\n                    <img decoding=\"async\" alt=\"\" class=\"u-blog-control u-expanded-width u-image u-image-default u-image-1\" src=\"https:\/\/www.hotelpalazzigabicce.it\/wp-content\/uploads\/2023\/02\/noifamiglia1.jpg\"><\/a>\r\n                    <h4 class=\"u-blog-control u-text-1\">\r\n                      <a style=\"font-family: 'Lato';\" class=\"u-post-header-link\" href=\"https:\/\/www.hotelpalazzigabicce.it\/de\/wir-stellen-unsere-familie-vor\/\">Wir stellen unsere Familie vor<\/a>\r\n                    <\/h4>\r\n                    <div class=\"u-blog-control u-post-content u-text u-text-2\"><p>Ciao! Wir freuen uns, Sie kennenzulernen.<br \/>\nWir sind Elena, Oriano und unsere kleine Aurora!<br \/>\nWir hei\u00dfen Sie herzlich willkommen in unserem Hotel Palazzi.<\/p>\n<p> <a href=\"https:\/\/www.hotelpalazzigabicce.it\/de\/wir-stellen-unsere-familie-vor\/#more-941\" class=\"more-link\"><span aria-label=\"Wir stellen unsere Familie vor weiterlesen\">(mehr\u00a0&hellip;)<\/span><\/a><\/p>\n<\/div>\r\n                    <a href=\"https:\/\/www.hotelpalazzigabicce.it\/de\/wir-stellen-unsere-familie-vor\/\" class=\"u-blog-control u-btn u-button-style u-btn-1\">WEITER LESEN<\/a> <!-- Continua a leggere -->\r\n                  <\/div>\r\n                <\/div>\r\n                                                 <div class=\"u-align-left u-blog-post u-container-style u-repeater-item u-white u-repeater-item-1\">\r\n                  <div class=\"u-container-layout u-similar-container u-container-layout-1\"><a class=\"u-blog-control u-expanded-width u-image u-image-default u-image-1\" href=\"https:\/\/www.hotelpalazzigabicce.it\/de\/gabicce-monte\/\">\r\n                    <img decoding=\"async\" alt=\"\" class=\"u-blog-control u-expanded-width u-image u-image-default u-image-1\" src=\"https:\/\/www.hotelpalazzigabicce.it\/wp-content\/uploads\/2022\/02\/spiaggia-bandiera-blu-1.jpg\"><\/a>\r\n                    <h4 class=\"u-blog-control u-text-1\">\r\n                      <a style=\"font-family: 'Lato';\" class=\"u-post-header-link\" href=\"https:\/\/www.hotelpalazzigabicce.it\/de\/gabicce-monte\/\">GABICCE MONTE UND ABENDESSEN IN BELSIT<\/a>\r\n                    <\/h4>\r\n                    <div class=\"u-blog-control u-post-content u-text u-text-2\"><p>Wenn Sie vom Meer aufsteigen, passieren Sie die ber\u00fchmte Diskothek \u201e<strong>Baia Imperiale<\/strong>\u201c, fahren Sie weiter entlang der Panoramastra\u00dfe, wo Sie auch einen Treffpunkt f\u00fcr die Anh\u00e4nger von <strong>Padre Pio<\/strong> finden;<br \/>\n<strong>Sie erreichen das alte Dorf Gabicce Monte. Der Platz ist ein sch\u00f6ner Aussichtspunkt \u00fcber die Bucht von Gabicce<\/strong>.<\/p>\n<p> <a href=\"https:\/\/www.hotelpalazzigabicce.it\/de\/gabicce-monte\/#more-631\" class=\"more-link\"><span aria-label=\"GABICCE MONTE UND ABENDESSEN IN BELSIT weiterlesen\">(mehr\u00a0&hellip;)<\/span><\/a><\/p>\n<\/div>\r\n                    <a href=\"https:\/\/www.hotelpalazzigabicce.it\/de\/gabicce-monte\/\" class=\"u-blog-control u-btn u-button-style u-btn-1\">WEITER LESEN<\/a> <!-- Continua a leggere -->\r\n                  <\/div>\r\n                <\/div>\r\n                                                 <div class=\"u-align-left u-blog-post u-container-style u-repeater-item u-white u-repeater-item-1\">\r\n                  <div class=\"u-container-layout u-similar-container u-container-layout-1\"><a class=\"u-blog-control u-expanded-width u-image u-image-default u-image-1\" href=\"https:\/\/www.hotelpalazzigabicce.it\/de\/monte-san-bartolo\/\">\r\n                    <img decoding=\"async\" alt=\"\" class=\"u-blog-control u-expanded-width u-image u-image-default u-image-1\" src=\"https:\/\/www.hotelpalazzigabicce.it\/wp-content\/uploads\/2022\/02\/2Fiorenzuola-di-Focara-ITW-1230x820-1-1200x800.jpg\"><\/a>\r\n                    <h4 class=\"u-blog-control u-text-1\">\r\n                      <a style=\"font-family: 'Lato';\" class=\"u-post-header-link\" href=\"https:\/\/www.hotelpalazzigabicce.it\/de\/monte-san-bartolo\/\">Der Naturpark Monte San Bartolo<\/a>\r\n                    <\/h4>\r\n                    <div class=\"u-blog-control u-post-content u-text u-text-2\"><p>Gabicce Monte ist der Eingang zu einem der sch\u00f6nsten und <strong>gr\u00f6\u00dften Naturschutzgebiete<\/strong> der Region: dem Naturpark <strong>San Bartolo<\/strong>. Die Klippe des Monte San Bartolo ist ein Naturziel und ein privilegierter Aussichtspunkt mit Blick auf die Adria.<\/p>\n<p> <a href=\"https:\/\/www.hotelpalazzigabicce.it\/de\/monte-san-bartolo\/#more-629\" class=\"more-link\"><span aria-label=\"Der Naturpark Monte San Bartolo weiterlesen\">(mehr\u00a0&hellip;)<\/span><\/a><\/p>\n<\/div>\r\n                    <a href=\"https:\/\/www.hotelpalazzigabicce.it\/de\/monte-san-bartolo\/\" class=\"u-blog-control u-btn u-button-style u-btn-1\">WEITER LESEN<\/a> <!-- Continua a leggere -->\r\n                  <\/div>\r\n                <\/div>\r\n                                                 <div class=\"u-align-left u-blog-post u-container-style u-repeater-item u-white u-repeater-item-1\">\r\n                  <div class=\"u-container-layout u-similar-container u-container-layout-1\"><a class=\"u-blog-control u-expanded-width u-image u-image-default u-image-1\" href=\"https:\/\/www.hotelpalazzigabicce.it\/de\/muttertag\/\">\r\n                    <img decoding=\"async\" alt=\"\" class=\"u-blog-control u-expanded-width u-image u-image-default u-image-1\" src=\"https:\/\/www.hotelpalazzigabicce.it\/wp-content\/uploads\/2022\/03\/festamamma.jpg\"><\/a>\r\n                    <h4 class=\"u-blog-control u-text-1\">\r\n                      <a style=\"font-family: 'Lato';\" class=\"u-post-header-link\" href=\"https:\/\/www.hotelpalazzigabicce.it\/de\/muttertag\/\">Muttertag<\/a>\r\n                    <\/h4>\r\n                    <div class=\"u-blog-control u-post-content u-text u-text-2\"><p>Mama &#8230; Ein Wort, das W\u00e4rme, Zuflucht, Geborgenheit, bedingungslose Liebe ist. Jeder von uns wurde von einer Frau geboren und wir sind diejenigen, die ihre MUTTER gemacht haben. Wir vergleichen uns jeden Tag mit diesem WORT, das eine Bedeutung in sich tr\u00e4gt so einfach wie tiefgreifend, so sehr, dass Sie seine Kraft nicht wirklich verstehen, bis Sie selbst Eltern werden<\/p>\n<p> <a href=\"https:\/\/www.hotelpalazzigabicce.it\/de\/muttertag\/#more-625\" class=\"more-link\"><span aria-label=\"Muttertag weiterlesen\">(mehr\u00a0&hellip;)<\/span><\/a><\/p>\n<\/div>\r\n                    <a href=\"https:\/\/www.hotelpalazzigabicce.it\/de\/muttertag\/\" class=\"u-blog-control u-btn u-button-style u-btn-1\">WEITER LESEN<\/a> <!-- Continua a leggere -->\r\n                  <\/div>\r\n                <\/div>\r\n                                                 <div class=\"u-align-left u-blog-post u-container-style u-repeater-item u-white u-repeater-item-1\">\r\n                  <div class=\"u-container-layout u-similar-container u-container-layout-1\"><a class=\"u-blog-control u-expanded-width u-image u-image-default u-image-1\" href=\"https:\/\/www.hotelpalazzigabicce.it\/de\/lebe-das-meer\/\">\r\n                    <img decoding=\"async\" alt=\"\" class=\"u-blog-control u-expanded-width u-image u-image-default u-image-1\" src=\"https:\/\/www.hotelpalazzigabicce.it\/wp-content\/uploads\/2022\/03\/hotel-fronte-mare-gabicce-2-1200x425.jpg\"><\/a>\r\n                    <h4 class=\"u-blog-control u-text-1\">\r\n                      <a style=\"font-family: 'Lato';\" class=\"u-post-header-link\" href=\"https:\/\/www.hotelpalazzigabicce.it\/de\/lebe-das-meer\/\">Erleben Sie das Meer<\/a>\r\n                    <\/h4>\r\n                    <div class=\"u-blog-control u-post-content u-text u-text-2\">\r\n<p>Im Sommer stechen jeden Tag Minikreuzfahrten in See, um die Adria und die Sch\u00f6nheiten der Riviera zu entdecken. Sie k\u00f6nnen unsere K\u00fcste vom Meer aus sehen, an der bezaubernden Bucht von Vallugola vorbeifahren, um in ihrem klaren Wasser zu baden, weiter in Richtung Castel di Mezzo, Fiorenzuola di Focara bis nach Pesaro und das Schauspiel der Klippen genie\u00dfen.<\/p>\r\n<p> <a href=\"https:\/\/www.hotelpalazzigabicce.it\/de\/lebe-das-meer\/#more-627\" class=\"more-link\"><span aria-label=\"Erleben Sie das Meer weiterlesen\">(mehr\u00a0&hellip;)<\/span><\/a><\/p><\/div>\r\n                    <a href=\"https:\/\/www.hotelpalazzigabicce.it\/de\/lebe-das-meer\/\" class=\"u-blog-control u-btn u-button-style u-btn-1\">WEITER LESEN<\/a> <!-- Continua a leggere -->\r\n                  <\/div>\r\n                <\/div>\r\n                                                 <div class=\"u-align-left u-blog-post u-container-style u-repeater-item u-white u-repeater-item-1\">\r\n                  <div class=\"u-container-layout u-similar-container u-container-layout-1\"><a class=\"u-blog-control u-expanded-width u-image u-image-default u-image-1\" href=\"https:\/\/www.hotelpalazzigabicce.it\/de\/schloss-von-gradara\/\">\r\n                    <img decoding=\"async\" alt=\"\" class=\"u-blog-control u-expanded-width u-image u-image-default u-image-1\" src=\"https:\/\/www.hotelpalazzigabicce.it\/wp-content\/uploads\/2023\/12\/20210310114141-gradara-2-1.jpg\"><\/a>\r\n                    <h4 class=\"u-blog-control u-text-1\">\r\n                      <a style=\"font-family: 'Lato';\" class=\"u-post-header-link\" href=\"https:\/\/www.hotelpalazzigabicce.it\/de\/schloss-von-gradara\/\">Das Schloss von Gradara<\/a>\r\n                    <\/h4>\r\n                    <div class=\"u-blog-control u-post-content u-text u-text-2\">\r\n<p>Wenn Sie die<strong> Adriak\u00fcste<\/strong> f\u00fcr Ihren <strong>Urlaub in Italien<\/strong> gew\u00e4hlt haben, m\u00fcssen Sie unbedingt die <strong>Burg von Gradara<\/strong> besuchen.<br \/>Heute ist Gradara <strong>eine der wichtigsten touristischen Destinationen in der Region Marken<\/strong>, dank ihrer N\u00e4he zum Meer und ber\u00fchmt f\u00fcr die tragische Liebesgeschichte von Paolo und Francesca, die durch Dantes Erz\u00e4hlung in der G\u00f6ttlichen Kom\u00f6die unsterblich geworden ist.<br \/><br \/><\/p>\r\n<p> <a href=\"https:\/\/www.hotelpalazzigabicce.it\/de\/schloss-von-gradara\/#more-634\" class=\"more-link\"><span aria-label=\"Das Schloss von Gradara weiterlesen\">(mehr\u00a0&hellip;)<\/span><\/a><\/p><\/div>\r\n                    <a href=\"https:\/\/www.hotelpalazzigabicce.it\/de\/schloss-von-gradara\/\" class=\"u-blog-control u-btn u-button-style u-btn-1\">WEITER LESEN<\/a> <!-- Continua a leggere -->\r\n                  <\/div>\r\n                <\/div>\r\n                                               <\/div>\r\n            <\/div>\r\n          <\/div>\r\n        <\/section>\r\n\r\n                            \r\n<section>\r\n  <div>\r\n    <div>\r\n\r\n<script type=\"text\/javascript\">\r\n  link = document.getElementsByClassName('more-link');\r\n  for (let item of link) {\r\n    item.style.display = 'none';\r\n}\r\n<\/script>\r\n<\/div>\n      <\/div>\n    <\/section>\n    <section class=\"u-clearfix u-section-3\" id=\"carousel_b9ed\">\n      <div class=\"u-clearfix u-sheet u-valign-middle u-sheet-1\">\n        <div class=\"u-custom-php u-expanded-width u-custom-php-1\" ><div id=\"form\"><\/div>\n<section class=\"u-align-left u-clearfix u-valign-bottom offerte\" id=\"sec-af3c\">\n  <h1 class=\"u-align-center u-text u-text-1\">KONTAKTIERE UNS<\/h1>\n  <p class=\"sottotitolo_corsivo u-align-center u-custom-font u-text u-text-palette-3-base u-text-2\" data-animation-name=\"lightSpeedIn\" data-animation-duration=\"1000\" data-animation-delay=\"0\" data-animation-direction=\"\"><\/p>\n  \n  <div class=\"u-clearfix u-gutter-10 u-layout-wrap u-layout-wrap-1\">\n    <div class=\"u-layout\">\n      <div class=\"u-layout-col\">\n        <div class=\"u-size-60\">\n          <div class=\"u-layout-row\">\n            <div class=\"u-align-left u-container-style u-layout-cell u-left-cell u-right-cell u-size-60 u-layout-cell-1\">\n              <div class=\"u-container-layout u-valign-top u-container-layout-1\">\n                \n                <!-- Container per il widget Scidoo -->\n                <div id=\"scidoo-form-container\"><\/div>\n                \n                                \n                <!-- Widget Scidoo per form contatti -->\n                 <script type=\"text\/javascript\" \n                  src=\"https:\/\/www.scidoo.com\/widget_contatti\/include_widget_contatti.js\" \n                  data-codice=\"1729\"\n                  data-lang=\"4\"\n                  data-tipologia-richiesta=\"0\"\n                  data-struttura=\"-1\"\n                  data-luogo=\"0\"\n                  data-container=\"scidoo-form-container\"\n                  data-testo-struttura=\"\"\n                  data-provenienza=\"0\"\n                  \n                  data-nota-preventivo=\"\"\n                  data-settore-specifico=\"0\"\n                  data-campi-obbligatori=\"1,2\">\n                <\/script>\n\n              <\/div>\n            <\/div>\n          <\/div>\n        <\/div>\n      <\/div>\n    <\/div>\n  <\/div>\n\n  <br>\n\n  <div class=\"u-expanded-width-lg u-expanded-width-md u-expanded-width-xl u-expanded-width-xs u-grey-light-2 u-map u-map-1\">\n    <div class=\"embed-responsive\">\n      <iframe class=\"embed-responsive-item\" src=\"https:\/\/www.google.com\/maps\/embed?pb=!1m14!1m8!1m3!1d1707.5350788151936!2d12.762047196101207!3d43.96515255874641!3m2!1i1024!2i768!4f13.1!3m3!1m2!1s0x0%3A0x64bf0278be2b6d4c!2sHotel%20Palazzi%20Gabicce%20Mare!5e0!3m2!1sit!2sit!4v1586332250418!5m2!1sit!2sit\"><\/iframe>\n    <\/div>\n  <\/div>\n  \n  <style>\n    #div_widget_contatti {\n      max-width: 100% !important;\n    }\n  <\/style>\n<\/section>\n<\/div>\n      <\/div>\n    <\/section>\n    \n    \n  \n","protected":false},"excerpt":{"rendered":"","protected":false},"author":1,"featured_media":0,"parent":0,"menu_order":5,"comment_status":"closed","ping_status":"closed","template":"","meta":{"_acf_changed":false,"_monsterinsights_skip_tracking":false,"_monsterinsights_sitenote_active":false,"_monsterinsights_sitenote_note":"","_monsterinsights_sitenote_category":0,"footnotes":""},"class_list":["post-493","page","type-page","status-publish","hentry"],"acf":[],"_links":{"self":[{"href":"https:\/\/www.hotelpalazzigabicce.it\/de\/wp-json\/wp\/v2\/pages\/493","targetHints":{"allow":["GET"]}}],"collection":[{"href":"https:\/\/www.hotelpalazzigabicce.it\/de\/wp-json\/wp\/v2\/pages"}],"about":[{"href":"https:\/\/www.hotelpalazzigabicce.it\/de\/wp-json\/wp\/v2\/types\/page"}],"author":[{"embeddable":true,"href":"https:\/\/www.hotelpalazzigabicce.it\/de\/wp-json\/wp\/v2\/users\/1"}],"replies":[{"embeddable":true,"href":"https:\/\/www.hotelpalazzigabicce.it\/de\/wp-json\/wp\/v2\/comments?post=493"}],"version-history":[{"count":1,"href":"https:\/\/www.hotelpalazzigabicce.it\/de\/wp-json\/wp\/v2\/pages\/493\/revisions"}],"predecessor-version":[{"id":494,"href":"https:\/\/www.hotelpalazzigabicce.it\/de\/wp-json\/wp\/v2\/pages\/493\/revisions\/494"}],"wp:attachment":[{"href":"https:\/\/www.hotelpalazzigabicce.it\/de\/wp-json\/wp\/v2\/media?parent=493"}],"curies":[{"name":"wp","href":"https:\/\/api.w.org\/{rel}","templated":true}]}}