{"id":458,"date":"2022-03-07T11:01:35","date_gmt":"2022-03-07T11:01:35","guid":{"rendered":"https:\/\/kagency.it\/wordpress\/hotelpalazzi\/blog-copy\/"},"modified":"2022-03-07T11:03:24","modified_gmt":"2022-03-07T10:03:24","slug":"blog","status":"publish","type":"page","link":"https:\/\/www.hotelpalazzigabicce.it\/fr\/blog\/","title":{"rendered":"Blog"},"content":{"rendered":"\n    \n    <section class=\"my_hide u-clearfix u-section-2\" id=\"sec-4743\">\n      <div class=\"u-clearfix u-sheet u-valign-middle u-sheet-1\">\n        <div class=\"u-custom-php u-expanded-width u-custom-php-1\" ><\/div>\r\n<\/div>\r\n<\/section>\r\n\r\n  <!-- <section class=\"u-clearfix u-section-1\" id=\"sec-8c49\">\r\n    <div class=\"u-clearfix u-sheet u-sheet-1\">\r\n      <div class=\"u-clearfix u-layout-wrap u-layout-wrap-1\">\r\n        <div> -->\r\n    <section class=\"u-align-left u-clearfix u-grey-10 u-section-3-blog\" id=\"sec-feb4\">\r\n      <div class=\"u-clearfix u-sheet u-valign-middle u-sheet-1\">\r\n        <div class=\"u-blog u-expanded-width u-blog-1\">\r\n          <div class=\"u-repeater u-repeater-1\">\r\n                              <div class=\"u-align-left u-blog-post u-container-style u-repeater-item u-white u-repeater-item-1\">\r\n                  <div class=\"u-container-layout u-similar-container u-container-layout-1\"><a class=\"u-blog-control u-expanded-width u-image u-image-default u-image-1\" href=\"https:\/\/www.hotelpalazzigabicce.it\/fr\/black-friday-hotel-palazzi-gabicce-mare-copy\/\">\r\n                    <img decoding=\"async\" alt=\"\" class=\"u-blog-control u-expanded-width u-image u-image-default u-image-1\" src=\"https:\/\/www.hotelpalazzigabicce.it\/wp-content\/uploads\/gabicce-dallalto.jpg\"><\/a>\r\n                    <h4 class=\"u-blog-control u-text-1\">\r\n                      <a style=\"font-family: 'Lato';\" class=\"u-post-header-link\" href=\"https:\/\/www.hotelpalazzigabicce.it\/fr\/black-friday-hotel-palazzi-gabicce-mare-copy\/\">Vacances dans les Marche : Guide Complet pour un S\u00e9jour Id\u00e9al<\/a>\r\n                    <\/h4>\r\n                    <div class=\"u-blog-control u-post-content u-text u-text-2\"><p>Les Marches sont l&rsquo;une des r\u00e9gions les plus fascinantes d&rsquo;Italie, offrant un m\u00e9lange parfait d\u2019histoire, de nature et de traditions.<\/p>\r\n\r\n\r\n\r\n<p> <a href=\"https:\/\/www.hotelpalazzigabicce.it\/fr\/black-friday-hotel-palazzi-gabicce-mare-copy\/#more-48494\" class=\"more-link\"><span aria-label=\"Lire la suite de Vacances dans les Marche : Guide Complet pour un S\u00e9jour Id\u00e9al\">(suite\u2026)<\/span><\/a><\/p><!-- \/wp:post-content --><\/div>\r\n                    <a href=\"https:\/\/www.hotelpalazzigabicce.it\/fr\/black-friday-hotel-palazzi-gabicce-mare-copy\/\" class=\"u-blog-control u-btn u-button-style u-btn-1\">CONTINUE DE LIRE<\/a> <!-- Continua a leggere -->\r\n                  <\/div>\r\n                <\/div>\r\n                                                 <div class=\"u-align-left u-blog-post u-container-style u-repeater-item u-white u-repeater-item-1\">\r\n                  <div class=\"u-container-layout u-similar-container u-container-layout-1\"><a class=\"u-blog-control u-expanded-width u-image u-image-default u-image-1\" href=\"https:\/\/www.hotelpalazzigabicce.it\/fr\/black-friday-hotel-palazzi-gabicce-mare\/\">\r\n                    <img decoding=\"async\" alt=\"\" class=\"u-blog-control u-expanded-width u-image u-image-default u-image-1\" src=\"https:\/\/www.hotelpalazzigabicce.it\/wp-content\/uploads\/2024\/11\/black-friday.png\"><\/a>\r\n                    <h4 class=\"u-blog-control u-text-1\">\r\n                      <a style=\"font-family: 'Lato';\" class=\"u-post-header-link\" href=\"https:\/\/www.hotelpalazzigabicce.it\/fr\/black-friday-hotel-palazzi-gabicce-mare\/\">BLACK FRIDAY<\/a>\r\n                    <\/h4>\r\n                    <div class=\"u-blog-control u-post-content u-text u-text-2\"><p>Il <strong>Black Friday<\/strong> est l\u2019\u00e9v\u00e9nement shopping le plus attendu de l\u2019ann\u00e9e. <strong>R\u00e9ductions du Black Friday<\/strong> : pourrions-nous, \u00e0 l\u2019H\u00f4tel Palazzi, ne pas \u00eatre int\u00e9ress\u00e9s ? Bien s\u00fbr que non.<\/p>\r\n\r\n\r\n\r\n<p> <a href=\"https:\/\/www.hotelpalazzigabicce.it\/fr\/black-friday-hotel-palazzi-gabicce-mare\/#more-48358\" class=\"more-link\"><span aria-label=\"Lire la suite de BLACK FRIDAY\">(suite\u2026)<\/span><\/a><\/p><!-- \/wp:post-content --><\/div>\r\n                    <a href=\"https:\/\/www.hotelpalazzigabicce.it\/fr\/black-friday-hotel-palazzi-gabicce-mare\/\" class=\"u-blog-control u-btn u-button-style u-btn-1\">CONTINUE DE LIRE<\/a> <!-- Continua a leggere -->\r\n                  <\/div>\r\n                <\/div>\r\n                                                 <div class=\"u-align-left u-blog-post u-container-style u-repeater-item u-white u-repeater-item-1\">\r\n                  <div class=\"u-container-layout u-similar-container u-container-layout-1\"><a class=\"u-blog-control u-expanded-width u-image u-image-default u-image-1\" href=\"https:\/\/www.hotelpalazzigabicce.it\/fr\/nous-vous-presentons-notre-famille\/\">\r\n                    <img decoding=\"async\" alt=\"\" class=\"u-blog-control u-expanded-width u-image u-image-default u-image-1\" src=\"https:\/\/www.hotelpalazzigabicce.it\/wp-content\/uploads\/2023\/02\/noifamiglia1.jpg\"><\/a>\r\n                    <h4 class=\"u-blog-control u-text-1\">\r\n                      <a style=\"font-family: 'Lato';\" class=\"u-post-header-link\" href=\"https:\/\/www.hotelpalazzigabicce.it\/fr\/nous-vous-presentons-notre-famille\/\">Nous vous pr\u00e9sentons notre Famille<\/a>\r\n                    <\/h4>\r\n                    <div class=\"u-blog-control u-post-content u-text u-text-2\"><p>Ciao! C&rsquo;est un plaisir de vous rencontrer. Nous sommes Elena, Oriano et notre petite Aurore !<br \/>\nBienvenue dans notre h\u00f4tel Palazzi.<\/p>\n<p> <a href=\"https:\/\/www.hotelpalazzigabicce.it\/fr\/nous-vous-presentons-notre-famille\/#more-939\" class=\"more-link\"><span aria-label=\"Lire la suite de Nous vous pr\u00e9sentons notre Famille\">(suite\u2026)<\/span><\/a><\/p>\n<\/div>\r\n                    <a href=\"https:\/\/www.hotelpalazzigabicce.it\/fr\/nous-vous-presentons-notre-famille\/\" class=\"u-blog-control u-btn u-button-style u-btn-1\">CONTINUE DE LIRE<\/a> <!-- Continua a leggere -->\r\n                  <\/div>\r\n                <\/div>\r\n                                                 <div class=\"u-align-left u-blog-post u-container-style u-repeater-item u-white u-repeater-item-1\">\r\n                  <div class=\"u-container-layout u-similar-container u-container-layout-1\"><a class=\"u-blog-control u-expanded-width u-image u-image-default u-image-1\" href=\"https:\/\/www.hotelpalazzigabicce.it\/fr\/gabicce-monte\/\">\r\n                    <img decoding=\"async\" alt=\"\" class=\"u-blog-control u-expanded-width u-image u-image-default u-image-1\" src=\"https:\/\/www.hotelpalazzigabicce.it\/wp-content\/uploads\/2022\/02\/spiaggia-bandiera-blu-1.jpg\"><\/a>\r\n                    <h4 class=\"u-blog-control u-text-1\">\r\n                      <a style=\"font-family: 'Lato';\" class=\"u-post-header-link\" href=\"https:\/\/www.hotelpalazzigabicce.it\/fr\/gabicce-monte\/\">GABICCE MONTE ET D\u00ceNER \u00c0 BELSIT<\/a>\r\n                    <\/h4>\r\n                    <div class=\"u-blog-control u-post-content u-text u-text-2\"><p>En remontant de la mer, passez devant la c\u00e9l\u00e8bre discoth\u00e8que \u00ab<strong>Baia Imperiale<\/strong>\u00bb, continuez le long de la <strong>route panoramique<\/strong> o\u00f9 vous trouverez \u00e9galement un point de rencontre pour les d\u00e9vou\u00e9s \u00e0 <strong>Padre Pio<\/strong>;<br \/>\nvous arriverez \u00e0 l&rsquo;ancien village de Gabicce Monte. La place est un magnifique point de vue sur la <strong>baie de Gabicce<\/strong>.<\/p>\n<p> <a href=\"https:\/\/www.hotelpalazzigabicce.it\/fr\/gabicce-monte\/#more-618\" class=\"more-link\"><span aria-label=\"Lire la suite de GABICCE MONTE ET D\u00ceNER \u00c0 BELSIT\">(suite\u2026)<\/span><\/a><\/p>\n<\/div>\r\n                    <a href=\"https:\/\/www.hotelpalazzigabicce.it\/fr\/gabicce-monte\/\" class=\"u-blog-control u-btn u-button-style u-btn-1\">CONTINUE DE LIRE<\/a> <!-- Continua a leggere -->\r\n                  <\/div>\r\n                <\/div>\r\n                                                 <div class=\"u-align-left u-blog-post u-container-style u-repeater-item u-white u-repeater-item-1\">\r\n                  <div class=\"u-container-layout u-similar-container u-container-layout-1\"><a class=\"u-blog-control u-expanded-width u-image u-image-default u-image-1\" href=\"https:\/\/www.hotelpalazzigabicce.it\/fr\/monte-san-bartolo\/\">\r\n                    <img decoding=\"async\" alt=\"\" class=\"u-blog-control u-expanded-width u-image u-image-default u-image-1\" src=\"https:\/\/www.hotelpalazzigabicce.it\/wp-content\/uploads\/2022\/02\/2Fiorenzuola-di-Focara-ITW-1230x820-1-1200x800.jpg\"><\/a>\r\n                    <h4 class=\"u-blog-control u-text-1\">\r\n                      <a style=\"font-family: 'Lato';\" class=\"u-post-header-link\" href=\"https:\/\/www.hotelpalazzigabicce.it\/fr\/monte-san-bartolo\/\">Le parc naturel du Monte San Bartolo<\/a>\r\n                    <\/h4>\r\n                    <div class=\"u-blog-control u-post-content u-text u-text-2\"><p>Gabicce Monte est l&rsquo;entr\u00e9e de l&rsquo;une des plus belles et des plus grandes<strong> r\u00e9serves naturelles<\/strong> de la r\u00e9gion : le parc naturel de <strong>San Bartolo<\/strong>. La falaise de Monte San Bartolo est une destination naturaliste et un point d&rsquo;observation privil\u00e9gi\u00e9 sur l&rsquo;Adriatique.<\/p>\n<p> <a href=\"https:\/\/www.hotelpalazzigabicce.it\/fr\/monte-san-bartolo\/#more-616\" class=\"more-link\"><span aria-label=\"Lire la suite de Le parc naturel du Monte San Bartolo\">(suite\u2026)<\/span><\/a><\/p>\n<\/div>\r\n                    <a href=\"https:\/\/www.hotelpalazzigabicce.it\/fr\/monte-san-bartolo\/\" class=\"u-blog-control u-btn u-button-style u-btn-1\">CONTINUE DE LIRE<\/a> <!-- Continua a leggere -->\r\n                  <\/div>\r\n                <\/div>\r\n                                                 <div class=\"u-align-left u-blog-post u-container-style u-repeater-item u-white u-repeater-item-1\">\r\n                  <div class=\"u-container-layout u-similar-container u-container-layout-1\"><a class=\"u-blog-control u-expanded-width u-image u-image-default u-image-1\" href=\"https:\/\/www.hotelpalazzigabicce.it\/fr\/fete-des-meres\/\">\r\n                    <img decoding=\"async\" alt=\"\" class=\"u-blog-control u-expanded-width u-image u-image-default u-image-1\" src=\"https:\/\/www.hotelpalazzigabicce.it\/wp-content\/uploads\/2022\/03\/festamamma.jpg\"><\/a>\r\n                    <h4 class=\"u-blog-control u-text-1\">\r\n                      <a style=\"font-family: 'Lato';\" class=\"u-post-header-link\" href=\"https:\/\/www.hotelpalazzigabicce.it\/fr\/fete-des-meres\/\">F\u00eate des m\u00e8res<\/a>\r\n                    <\/h4>\r\n                    <div class=\"u-blog-control u-post-content u-text u-text-2\"><p>Maman&#8230; Un mot qui est chaleur, refuge, s\u00e9curit\u00e9, amour inconditionnel. Chacun de nous est n\u00e9 d&rsquo;une femme et c&rsquo;est nous qui l&rsquo;avons fait MAMAN. Nous nous comparons chaque jour \u00e0 ce MOT qui contient en lui un sens aussi simple que profond, \u00e0 tel point que vous ne comprenez pas vraiment son pouvoir jusqu&rsquo;\u00e0 ce que vous deveniez vous-m\u00eame parent<\/p>\n<p> <a href=\"https:\/\/www.hotelpalazzigabicce.it\/fr\/fete-des-meres\/#more-612\" class=\"more-link\"><span aria-label=\"Lire la suite de F\u00eate des m\u00e8res\">(suite\u2026)<\/span><\/a><\/p>\n<\/div>\r\n                    <a href=\"https:\/\/www.hotelpalazzigabicce.it\/fr\/fete-des-meres\/\" class=\"u-blog-control u-btn u-button-style u-btn-1\">CONTINUE DE LIRE<\/a> <!-- Continua a leggere -->\r\n                  <\/div>\r\n                <\/div>\r\n                                                 <div class=\"u-align-left u-blog-post u-container-style u-repeater-item u-white u-repeater-item-1\">\r\n                  <div class=\"u-container-layout u-similar-container u-container-layout-1\"><a class=\"u-blog-control u-expanded-width u-image u-image-default u-image-1\" href=\"https:\/\/www.hotelpalazzigabicce.it\/fr\/vivre-la-mer\/\">\r\n                    <img decoding=\"async\" alt=\"\" class=\"u-blog-control u-expanded-width u-image u-image-default u-image-1\" src=\"https:\/\/www.hotelpalazzigabicce.it\/wp-content\/uploads\/2022\/03\/hotel-fronte-mare-gabicce-2-1200x425.jpg\"><\/a>\r\n                    <h4 class=\"u-blog-control u-text-1\">\r\n                      <a style=\"font-family: 'Lato';\" class=\"u-post-header-link\" href=\"https:\/\/www.hotelpalazzigabicce.it\/fr\/vivre-la-mer\/\">Vivez la mer<\/a>\r\n                    <\/h4>\r\n                    <div class=\"u-blog-control u-post-content u-text u-text-2\">\r\n<p>En \u00e9t\u00e9, tous les jours, des mini croisi\u00e8res partent \u00e0 la d\u00e9couverte de la mer Adriatique et des beaut\u00e9s de la Riviera. Vous pouvez voir notre c\u00f4te depuis la mer, passer devant la charmante baie de Vallugola pour vous baigner dans ses eaux claires, continuer vers Castel di Mezzo, Fiorenzuola di Focara jusqu&rsquo;\u00e0 Pesaro et profiter du spectacle des falaises.<\/p>\r\n<p> <a href=\"https:\/\/www.hotelpalazzigabicce.it\/fr\/vivre-la-mer\/#more-614\" class=\"more-link\"><span aria-label=\"Lire la suite de Vivez la mer\">(suite\u2026)<\/span><\/a><\/p><\/div>\r\n                    <a href=\"https:\/\/www.hotelpalazzigabicce.it\/fr\/vivre-la-mer\/\" class=\"u-blog-control u-btn u-button-style u-btn-1\">CONTINUE DE LIRE<\/a> <!-- Continua a leggere -->\r\n                  <\/div>\r\n                <\/div>\r\n                                                 <div class=\"u-align-left u-blog-post u-container-style u-repeater-item u-white u-repeater-item-1\">\r\n                  <div class=\"u-container-layout u-similar-container u-container-layout-1\"><a class=\"u-blog-control u-expanded-width u-image u-image-default u-image-1\" href=\"https:\/\/www.hotelpalazzigabicce.it\/fr\/chateau-de-gradara\/\">\r\n                    <img decoding=\"async\" alt=\"\" class=\"u-blog-control u-expanded-width u-image u-image-default u-image-1\" src=\"https:\/\/www.hotelpalazzigabicce.it\/wp-content\/uploads\/2023\/12\/20210310114141-gradara-2-1.jpg\"><\/a>\r\n                    <h4 class=\"u-blog-control u-text-1\">\r\n                      <a style=\"font-family: 'Lato';\" class=\"u-post-header-link\" href=\"https:\/\/www.hotelpalazzigabicce.it\/fr\/chateau-de-gradara\/\">Le ch\u00e2teau de Gradara<\/a>\r\n                    <\/h4>\r\n                    <div class=\"u-blog-control u-post-content u-text u-text-2\">\r\n<p>Si vous avez choisi la <strong>c\u00f4te adriatique<\/strong> pour vos vacances, vous devez absolument visiter le <strong>ch\u00e2teau de Gradara<\/strong>.<br \/>Il s&rsquo;agit du <strong>monument le plus visit\u00e9 de la r\u00e9gion des Marches<\/strong>, c\u00e9l\u00e8bre pour la tragique histoire d&rsquo;amour de Paolo et Francesca, immortalis\u00e9e par le r\u00e9cit de Dante dans la Divine Com\u00e9die.<\/p>\r\n<p> <a href=\"https:\/\/www.hotelpalazzigabicce.it\/fr\/chateau-de-gradara\/#more-621\" class=\"more-link\"><span aria-label=\"Lire la suite de Le ch\u00e2teau de Gradara\">(suite\u2026)<\/span><\/a><\/p><\/div>\r\n                    <a href=\"https:\/\/www.hotelpalazzigabicce.it\/fr\/chateau-de-gradara\/\" class=\"u-blog-control u-btn u-button-style u-btn-1\">CONTINUE DE LIRE<\/a> <!-- Continua a leggere -->\r\n                  <\/div>\r\n                <\/div>\r\n                                               <\/div>\r\n            <\/div>\r\n          <\/div>\r\n        <\/section>\r\n\r\n                            \r\n<section>\r\n  <div>\r\n    <div>\r\n\r\n<script type=\"text\/javascript\">\r\n  link = document.getElementsByClassName('more-link');\r\n  for (let item of link) {\r\n    item.style.display = 'none';\r\n}\r\n<\/script>\r\n<\/div>\n      <\/div>\n    <\/section>\n    <section class=\"u-clearfix u-section-3\" id=\"carousel_b9ed\">\n      <div class=\"u-clearfix u-sheet u-valign-middle u-sheet-1\">\n        <div class=\"u-custom-php u-expanded-width u-custom-php-1\" ><div id=\"form\"><\/div>\n<section class=\"u-align-left u-clearfix u-valign-bottom offerte\" id=\"sec-af3c\">\n  <h1 class=\"u-align-center u-text u-text-1\">CONTACTEZ-NOUS<\/h1>\n  <p class=\"sottotitolo_corsivo u-align-center u-custom-font u-text u-text-palette-3-base u-text-2\" data-animation-name=\"lightSpeedIn\" data-animation-duration=\"1000\" data-animation-delay=\"0\" data-animation-direction=\"\"><\/p>\n  \n  <div class=\"u-clearfix u-gutter-10 u-layout-wrap u-layout-wrap-1\">\n    <div class=\"u-layout\">\n      <div class=\"u-layout-col\">\n        <div class=\"u-size-60\">\n          <div class=\"u-layout-row\">\n            <div class=\"u-align-left u-container-style u-layout-cell u-left-cell u-right-cell u-size-60 u-layout-cell-1\">\n              <div class=\"u-container-layout u-valign-top u-container-layout-1\">\n                \n                <!-- Container per il widget Scidoo -->\n                <div id=\"scidoo-form-container\"><\/div>\n                \n                                \n                <!-- Widget Scidoo per form contatti -->\n                 <script type=\"text\/javascript\" \n                  src=\"https:\/\/www.scidoo.com\/widget_contatti\/include_widget_contatti.js\" \n                  data-codice=\"1729\"\n                  data-lang=\"3\"\n                  data-tipologia-richiesta=\"0\"\n                  data-struttura=\"-1\"\n                  data-luogo=\"0\"\n                  data-container=\"scidoo-form-container\"\n                  data-testo-struttura=\"\"\n                  data-provenienza=\"0\"\n                  \n                  data-nota-preventivo=\"\"\n                  data-settore-specifico=\"0\"\n                  data-campi-obbligatori=\"1,2\">\n                <\/script>\n\n              <\/div>\n            <\/div>\n          <\/div>\n        <\/div>\n      <\/div>\n    <\/div>\n  <\/div>\n\n  <br>\n\n  <div class=\"u-expanded-width-lg u-expanded-width-md u-expanded-width-xl u-expanded-width-xs u-grey-light-2 u-map u-map-1\">\n    <div class=\"embed-responsive\">\n      <iframe class=\"embed-responsive-item\" src=\"https:\/\/www.google.com\/maps\/embed?pb=!1m14!1m8!1m3!1d1707.5350788151936!2d12.762047196101207!3d43.96515255874641!3m2!1i1024!2i768!4f13.1!3m3!1m2!1s0x0%3A0x64bf0278be2b6d4c!2sHotel%20Palazzi%20Gabicce%20Mare!5e0!3m2!1sit!2sit!4v1586332250418!5m2!1sit!2sit\"><\/iframe>\n    <\/div>\n  <\/div>\n  \n  <style>\n    #div_widget_contatti {\n      max-width: 100% !important;\n    }\n  <\/style>\n<\/section>\n<\/div>\n      <\/div>\n    <\/section>\n    \n    \n  \n","protected":false},"excerpt":{"rendered":"","protected":false},"author":1,"featured_media":0,"parent":0,"menu_order":5,"comment_status":"closed","ping_status":"closed","template":"","meta":{"_acf_changed":false,"_monsterinsights_skip_tracking":false,"_monsterinsights_sitenote_active":false,"_monsterinsights_sitenote_note":"","_monsterinsights_sitenote_category":0,"footnotes":""},"class_list":["post-458","page","type-page","status-publish","hentry"],"acf":[],"_links":{"self":[{"href":"https:\/\/www.hotelpalazzigabicce.it\/fr\/wp-json\/wp\/v2\/pages\/458","targetHints":{"allow":["GET"]}}],"collection":[{"href":"https:\/\/www.hotelpalazzigabicce.it\/fr\/wp-json\/wp\/v2\/pages"}],"about":[{"href":"https:\/\/www.hotelpalazzigabicce.it\/fr\/wp-json\/wp\/v2\/types\/page"}],"author":[{"embeddable":true,"href":"https:\/\/www.hotelpalazzigabicce.it\/fr\/wp-json\/wp\/v2\/users\/1"}],"replies":[{"embeddable":true,"href":"https:\/\/www.hotelpalazzigabicce.it\/fr\/wp-json\/wp\/v2\/comments?post=458"}],"version-history":[{"count":1,"href":"https:\/\/www.hotelpalazzigabicce.it\/fr\/wp-json\/wp\/v2\/pages\/458\/revisions"}],"predecessor-version":[{"id":459,"href":"https:\/\/www.hotelpalazzigabicce.it\/fr\/wp-json\/wp\/v2\/pages\/458\/revisions\/459"}],"wp:attachment":[{"href":"https:\/\/www.hotelpalazzigabicce.it\/fr\/wp-json\/wp\/v2\/media?parent=458"}],"curies":[{"name":"wp","href":"https:\/\/api.w.org\/{rel}","templated":true}]}}